{"id":2398,"date":"2026-06-29T17:39:51","date_gmt":"2026-06-29T15:39:51","guid":{"rendered":"https:\/\/schulkinowochen-nds.de\/?page_id=2398"},"modified":"2026-08-26T19:14:48","modified_gmt":"2026-08-26T17:14:48","slug":"1-schulkinotage-demokratie-im-heidekreis","status":"publish","type":"page","link":"https:\/\/schulkinowochen-nds.de\/index.php\/1-schulkinotage-demokratie-im-heidekreis\/","title":{"rendered":"1. SchulKinoTage DEMOKRATIE! im Heidekreis"},"content":{"rendered":"\n<h3 class=\"wp-block-heading\">1. SchulKinoTage DEMOKRATIE <strong>31. Aug. \u2013 4. Sept. 2026<\/strong><\/h3>\n\n\n\n<h3 class=\"wp-block-heading\"><strong>Capitol Walsrode und LichtSpiel Schneverdingen<\/strong><\/h3>\n\n\n\n<p class=\"wp-block-paragraph\">Das Programm der <em><strong>SchulKinoTage DEMOKRATIE!<\/strong><\/em> in <strong>Walsrode<\/strong> und <strong>Schneverdingen<\/strong>:<\/p>\n\n\n\n<div class=\"wp-block-columns has-background is-layout-flex wp-container-core-columns-is-layout-8f761849 wp-block-columns-is-layout-flex\" style=\"background-color:#f1f1f1\">\n<div class=\"wp-block-column is-layout-flow wp-block-column-is-layout-flow\" style=\"flex-basis:66.66%\">\n<p class=\"wp-block-paragraph\"><strong>10 Filme \u2022 16 Filmvorstellungen <\/strong><\/p>\n\n\n\n<p class=\"wp-block-paragraph\"><strong><mark style=\"background-color:rgba(0, 0, 0, 0);color:#f97844\" class=\"has-inline-color\">Unsere Filme<\/mark><\/strong><\/p>\n\n\n\n<p class=\"wp-block-paragraph\"><strong>Capitol Walsrode<\/strong><\/p>\n\n\n\n<ul class=\"wp-block-list\">\n<li><mark style=\"background-color:rgba(0, 0, 0, 0);color:#f97844\" class=\"has-inline-color\"><strong>Montag 31.8.26<\/strong><\/mark><br>\u2022 Mit der Faust in die Welt schlagen <br>\u2022 Wenn du Angst hast, nimmst du dein Herz in den Mund und l\u00e4chelst <br>\u2022 Sieger Sein<br>\u2022 Das geheime Stockwerk<br><\/li>\n\n\n\n<li><strong><mark style=\"background-color:rgba(0, 0, 0, 0);color:#f97844\" class=\"has-inline-color\">Dienstag 1.9.26<\/mark><\/strong><br>\u2022 Flow<br>\u2022 Ernest und C\u00e9lestine &#8211; Die Reise ins Land der Musik <br>\u2022 Das geheime Stockwerk<br>\u2022 N\u00fcrnberg 45 &#8211; Im Angesicht des B\u00f6sen<br><\/li>\n\n\n\n<li><strong><mark style=\"background-color:rgba(0, 0, 0, 0);color:#f97844\" class=\"has-inline-color\">Mittwoch 2.9.26<\/mark><\/strong><br>\u2022 Ernest und C\u00e9lestine &#8211; Die Reise ins Land der Musik  <br>\u2022 Das geheime Stockwerk<br>\u2022 N\u00fcrnberg 45 &#8211; Im Angesicht des B\u00f6sen<br>\u2022 Zirkuskind<br><\/li>\n\n\n\n<li><strong><mark style=\"background-color:rgba(0, 0, 0, 0);color:#f97844\" class=\"has-inline-color\">Donnerstag 3.9.26<\/mark><\/strong><br>\u2022 Wenn du Angst hast, nimmst du dein Herz in den Mund und l\u00e4chelst <br>\u2022 Die Arier <br>\u2022 Ein Tag ohne Frauen<br>\u2022 Das geheime Stockwerk im LICHTSPIEL SCHNEVERDINGEN<br><\/li>\n\n\n\n<li><strong><mark style=\"background-color:rgba(0, 0, 0, 0);color:#f97844\" class=\"has-inline-color\">Freitag 4.9.26<\/mark><\/strong><br>\u2022 N\u00fcrnberg 45 &#8211; Im Angesicht des B\u00f6sen<\/li>\n<\/ul>\n\n\n\n<p class=\"wp-block-paragraph\"><strong><mark style=\"background-color:rgba(0, 0, 0, 0);color:#f97844\" class=\"has-inline-color\">Unsere G\u00e4ste<\/mark><\/strong><br><br><strong>Mariya Menner<\/strong>, Darstellerin in &#8222;Wenn Du Angst hast, nimmst du dein Herz in den Mund und l\u00e4chelst&#8220;<\/p>\n\n\n\n<p class=\"wp-block-paragraph\"><strong>Dirk Eisfeld<\/strong>, Drehbuchautor von &#8222;N\u00fcrnberg 45 &#8211; Im Angesicht des B\u00f6sen&#8220;<\/p>\n\n\n\n<p class=\"wp-block-paragraph\"><mark style=\"background-color:rgba(0, 0, 0, 0)\" class=\"has-inline-color has-luminous-vivid-orange-color\"><strong>Filmgespr\u00e4che mit unseren Moderator:innen im Capitol Walsrode zu<\/strong><\/mark><\/p>\n\n\n\n<p class=\"wp-block-paragraph\">31.8.26, Mit der Faust in die Welt schlagen<\/p>\n\n\n\n<p class=\"wp-block-paragraph\">31.8.26, Sieger Sein<\/p>\n\n\n\n<p class=\"wp-block-paragraph\">1.9.26, Flow<\/p>\n\n\n\n<p class=\"wp-block-paragraph\">2.9.26, Ernest und C\u00e9lestine &#8211; Die Reise ins Land der Musik<\/p>\n\n\n\n<p class=\"wp-block-paragraph\">4.9.26, N\u00fcrnberg 45 &#8211; Im Angesicht des B\u00f6sen, zu Gast: Dirk Eisfeld<\/p>\n\n\n\n<p class=\"wp-block-paragraph\"><mark style=\"background-color:rgba(0, 0, 0, 0)\" class=\"has-inline-color has-luminous-vivid-orange-color\"><strong>Filmgespr\u00e4che mit unseren Moderator:innen in den Schulen zu<\/strong><\/mark><\/p>\n\n\n\n<p class=\"wp-block-paragraph\">4.9.26, Wenn du Angst hast, nimmst du dein Herz in den Mund und l\u00e4chelst, zu Gast: Mariya Menner<\/p>\n<\/div>\n\n\n\n<div class=\"wp-block-column is-layout-flow wp-block-column-is-layout-flow\"><\/div>\n\n\n\n<div class=\"wp-block-column is-layout-flow wp-block-column-is-layout-flow\" style=\"flex-basis:33.33%\">\n<figure class=\"wp-block-image size-full\"><img loading=\"lazy\" decoding=\"async\" width=\"2163\" height=\"1169\" src=\"http:\/\/schulkinowochen-nds.de\/wp-content\/uploads\/2026\/01\/SchulKinoTage-Heidekreis_a.jpg\" alt=\"\" class=\"wp-image-2061\" srcset=\"https:\/\/schulkinowochen-nds.de\/wp-content\/uploads\/2026\/01\/SchulKinoTage-Heidekreis_a.jpg 2163w, https:\/\/schulkinowochen-nds.de\/wp-content\/uploads\/2026\/01\/SchulKinoTage-Heidekreis_a-300x162.jpg 300w, https:\/\/schulkinowochen-nds.de\/wp-content\/uploads\/2026\/01\/SchulKinoTage-Heidekreis_a-1024x553.jpg 1024w, https:\/\/schulkinowochen-nds.de\/wp-content\/uploads\/2026\/01\/SchulKinoTage-Heidekreis_a-768x415.jpg 768w, https:\/\/schulkinowochen-nds.de\/wp-content\/uploads\/2026\/01\/SchulKinoTage-Heidekreis_a-1536x830.jpg 1536w, https:\/\/schulkinowochen-nds.de\/wp-content\/uploads\/2026\/01\/SchulKinoTage-Heidekreis_a-2048x1107.jpg 2048w\" sizes=\"auto, (max-width: 2163px) 100vw, 2163px\" \/><\/figure>\n\n\n\n<div style=\"height:24px\" aria-hidden=\"true\" class=\"wp-block-spacer\"><\/div>\n\n\n\n<p class=\"wp-block-paragraph\">Die <em>SchulKinoTage DEMOKRATIE! <\/em>im Heidekreis sind eine gemeinsame <strong>Initiative von<\/strong> \u2022 SchulKinoWochen Niedersachsen \u2022 Landkreis Heidekreis  \u2022 in der Tr\u00e4gerschaft von \u2022 Film &amp; Medienb\u00fcro Niedersachen e.V. \u2022 Landkreis Heidekreis \u2022 in Kooperation mit \u2022 Vision Kino \u2013 Netzwerk f\u00fcr Film- und Medienkompetenz<\/p>\n\n\n\n<p class=\"wp-block-paragraph\"><strong>Projektleitung<\/strong> \u2022 Frank Seuberth \u2022  Katja Martin  \u2022 J\u00f6rg Witte<\/p>\n\n\n\n<p class=\"wp-block-paragraph\">Die 1.<em>SchulKinoTage DEMOKRATIE!<\/em> werden unterst\u00fctzt bzw. <strong>gef\u00f6rdert durch<\/strong> \u2022 Landkreis Heidekreis \u2022 Der Beauftragte der Bundesregierung f\u00fcr Kultur und Medien \u2022 Filmf\u00f6rderungsanstalt <\/p>\n<\/div>\n<\/div>\n\n\n\n<p class=\"wp-block-paragraph\">Zu den SchulKinoTagen DEMOKRATIE! schreibt <strong>Landrat Jens Grote:<\/strong><\/p>\n\n\n\n<blockquote class=\"wp-block-quote is-layout-flow wp-block-quote-is-layout-flow\">\n<blockquote class=\"wp-block-quote is-layout-flow wp-block-quote-is-layout-flow\">\n<p class=\"wp-block-paragraph\">Sehr geehrte Lehrkr\u00e4fte,<\/p>\n\n\n\n<p class=\"wp-block-paragraph\">in diesem Jahr finden im September die Kommunalwahlen in unserem Landkreis<br>statt. Um die Wahlen p\u00e4dagogisch zu begleiten, wird es in diesem Jahr erstmalig<br>die <strong><em>SchulKinoTage DEMOKRATIE!<\/em><\/strong> im Heidekreis geben. Ich habe f\u00fcr dieses Projekt die Schirmherrschaft \u00fcbernommen.<\/p>\n\n\n\n<p class=\"wp-block-paragraph\"><br>Stattfinden sollen die SchulKinoTage zwischen dem 31. August 2026 und dem<br>04. September 2026. Die Kinos in Walsrode und in Schneverdingen stehen hierf\u00fcr zur Verf\u00fcgung.<br>Der Eintrittspreis pro Sch\u00fcler:in betr\u00e4gt 5 Euro. Durch den Landkreis ist eine kostenfreie Busbef\u00f6rderung sichergestellt.<\/p>\n\n\n\n<p class=\"wp-block-paragraph\">Die Kinofilme finden Sie im <strong><a href=\"https:\/\/schulkinowochen-nds.de\/index.php\/filmpool-schulkinotage-demokratie\/\" target=\"_blank\" rel=\"noreferrer noopener nofollow\">&gt;Filmpool<\/a><\/strong> der <strong>SchulKinoTage DEMOKRATIE!<\/strong><br><\/p>\n\n\n\n<p class=\"wp-block-paragraph\">Um besser planen zu k\u00f6nnen, bitten wir um eine R\u00fcckmeldung <a href=\"https:\/\/docs.google.com\/forms\/d\/e\/1FAIpQLSdAihmbbtevcRNL02YQEPiQkGIR_FJAJbaLA28EjS7QlRIk6A\/viewform?usp=header\" target=\"_blank\" rel=\"noreferrer noopener nofollow\">&gt;<strong>hier<\/strong><\/a> per Formular.<br><\/p>\n\n\n\n<p class=\"wp-block-paragraph\">Bei Fragen oder Problemen wenden Sie sich bitte an den Bildungskoordinator<br>Frank Seuberth unter&nbsp;<a href=\"mailto:f.seuberth@heidekreis.de\">f.seuberth@heidekreis.de<\/a>.<\/p>\n\n\n\n<p class=\"wp-block-paragraph\">Ich freue mich \u00fcber eine rege Beteiligung Ihrer Schulen.<\/p>\n\n\n\n<p class=\"wp-block-paragraph\">Herzliche Gr\u00fc\u00dfe<br>Jens Grote<br>Landrat<\/p>\n<\/blockquote>\n<\/blockquote>\n\n\n\n<p class=\"wp-block-paragraph\">Die Veranstaltungen werden teilweise begleitet durch Referent:innen und mit einem Filmgespr\u00e4ch erweitert. <\/p>\n\n\n\n<p class=\"wp-block-paragraph\">Bitte planen Sie in diesem Fall zus\u00e4tzlich zur Filml\u00e4nge weitere ca. 40 Minuten ein.<\/p>\n\n\n\n<p class=\"wp-block-paragraph\">In Einzelf\u00e4llen finden auch Nachbesprechungen in den Schulen statt.<\/p>\n\n\n\n<div style=\"height:100px\" aria-hidden=\"true\" class=\"wp-block-spacer\"><\/div>\n\n\n\n<div class=\"wp-block-group is-layout-grid wp-container-core-group-is-layout-0fed8f92 wp-block-group-is-layout-grid\">\n<figure class=\"wp-block-image size-large\"><img loading=\"lazy\" decoding=\"async\" width=\"305\" height=\"108\" src=\"https:\/\/schulkinowochen-nds.de\/wp-content\/uploads\/2026\/08\/hkLogo.png\" alt=\"\" class=\"wp-image-2473\" srcset=\"https:\/\/schulkinowochen-nds.de\/wp-content\/uploads\/2026\/08\/hkLogo.png 305w, https:\/\/schulkinowochen-nds.de\/wp-content\/uploads\/2026\/08\/hkLogo-300x106.png 300w\" sizes=\"auto, (max-width: 305px) 100vw, 305px\" \/><\/figure>\n\n\n\n<figure class=\"wp-block-image size-large\"><img loading=\"lazy\" decoding=\"async\" width=\"1024\" height=\"530\" src=\"https:\/\/schulkinowochen-nds.de\/wp-content\/uploads\/2026\/06\/2_FFA_Logo_DFDB-Kopie-1024x530.jpg\" alt=\"\" class=\"wp-image-2336\" srcset=\"https:\/\/schulkinowochen-nds.de\/wp-content\/uploads\/2026\/06\/2_FFA_Logo_DFDB-Kopie-1024x530.jpg 1024w, https:\/\/schulkinowochen-nds.de\/wp-content\/uploads\/2026\/06\/2_FFA_Logo_DFDB-Kopie-300x155.jpg 300w, https:\/\/schulkinowochen-nds.de\/wp-content\/uploads\/2026\/06\/2_FFA_Logo_DFDB-Kopie-768x397.jpg 768w, https:\/\/schulkinowochen-nds.de\/wp-content\/uploads\/2026\/06\/2_FFA_Logo_DFDB-Kopie-1536x795.jpg 1536w, https:\/\/schulkinowochen-nds.de\/wp-content\/uploads\/2026\/06\/2_FFA_Logo_DFDB-Kopie-2048x1060.jpg 2048w\" sizes=\"auto, (max-width: 1024px) 100vw, 1024px\" \/><\/figure>\n\n\n\n<figure class=\"wp-block-image size-large\"><img loading=\"lazy\" decoding=\"async\" width=\"1024\" height=\"476\" src=\"https:\/\/schulkinowochen-nds.de\/wp-content\/uploads\/2026\/06\/image0021-1024x476.png\" alt=\"\" class=\"wp-image-2346\" srcset=\"https:\/\/schulkinowochen-nds.de\/wp-content\/uploads\/2026\/06\/image0021-1024x476.png 1024w, https:\/\/schulkinowochen-nds.de\/wp-content\/uploads\/2026\/06\/image0021-300x139.png 300w, https:\/\/schulkinowochen-nds.de\/wp-content\/uploads\/2026\/06\/image0021-768x357.png 768w, https:\/\/schulkinowochen-nds.de\/wp-content\/uploads\/2026\/06\/image0021.png 1330w\" sizes=\"auto, (max-width: 1024px) 100vw, 1024px\" \/><\/figure>\n<\/div>\n\n\n\n<p class=\"wp-block-paragraph\"><\/p>\n\n\n\n<p class=\"wp-block-paragraph\"><\/p>\n","protected":false},"excerpt":{"rendered":"<p>1. SchulKinoTage DEMOKRATIE 31. Aug. \u2013 4. Sept. 2026 Capitol Walsrode und LichtSpiel Schneverdingen Das Programm der SchulKinoTage DEMOKRATIE! in Walsrode und Schneverdingen: 10 Filme \u2022 16 Filmvorstellungen Unsere Filme Capitol Walsrode Unsere G\u00e4ste Mariya Menner, Darstellerin in &#8222;Wenn Du Angst hast, nimmst du dein Herz in den Mund und l\u00e4chelst&#8220; Dirk Eisfeld, Drehbuchautor von [&hellip;]<\/p>\n","protected":false},"author":2,"featured_media":0,"parent":0,"menu_order":0,"comment_status":"closed","ping_status":"closed","template":"","meta":{"_acf_changed":false,"footnotes":""},"class_list":["post-2398","page","type-page","status-publish","hentry"],"acf":[],"_links":{"self":[{"href":"https:\/\/schulkinowochen-nds.de\/index.php\/wp-json\/wp\/v2\/pages\/2398","targetHints":{"allow":["GET"]}}],"collection":[{"href":"https:\/\/schulkinowochen-nds.de\/index.php\/wp-json\/wp\/v2\/pages"}],"about":[{"href":"https:\/\/schulkinowochen-nds.de\/index.php\/wp-json\/wp\/v2\/types\/page"}],"author":[{"embeddable":true,"href":"https:\/\/schulkinowochen-nds.de\/index.php\/wp-json\/wp\/v2\/users\/2"}],"replies":[{"embeddable":true,"href":"https:\/\/schulkinowochen-nds.de\/index.php\/wp-json\/wp\/v2\/comments?post=2398"}],"version-history":[{"count":22,"href":"https:\/\/schulkinowochen-nds.de\/index.php\/wp-json\/wp\/v2\/pages\/2398\/revisions"}],"predecessor-version":[{"id":2481,"href":"https:\/\/schulkinowochen-nds.de\/index.php\/wp-json\/wp\/v2\/pages\/2398\/revisions\/2481"}],"wp:attachment":[{"href":"https:\/\/schulkinowochen-nds.de\/index.php\/wp-json\/wp\/v2\/media?parent=2398"}],"curies":[{"name":"wp","href":"https:\/\/api.w.org\/{rel}","templated":true}]}}